{"id":8859,"date":"2020-03-26T18:30:40","date_gmt":"2020-03-26T18:30:40","guid":{"rendered":"http:\/\/revistamirador.es\/?page_id=8859"},"modified":"2020-05-14T18:32:19","modified_gmt":"2020-05-14T18:32:19","slug":"mirador-por-la-esperanza","status":"publish","type":"page","link":"http:\/\/revistamirador.es\/?page_id=8859","title":{"rendered":"Mirador por la esperanza"},"content":{"rendered":"\n<div class=\"wp-block-image\"><figure class=\"alignright is-resized\"><a href=\"http:\/\/revistamirador.es\/?page_id=8861\"><img loading=\"lazy\" src=\"http:\/\/revistamirador.es\/wp-content\/uploads\/2020\/03\/mirador-por-la-esperanza-arevalo-0001.jpg\" alt=\"\" class=\"wp-image-8872\" width=\"200\" height=\"150\" srcset=\"http:\/\/revistamirador.es\/wp-content\/uploads\/2020\/03\/mirador-por-la-esperanza-arevalo-0001.jpg 800w, http:\/\/revistamirador.es\/wp-content\/uploads\/2020\/03\/mirador-por-la-esperanza-arevalo-0001-150x113.jpg 150w, http:\/\/revistamirador.es\/wp-content\/uploads\/2020\/03\/mirador-por-la-esperanza-arevalo-0001-300x225.jpg 300w, http:\/\/revistamirador.es\/wp-content\/uploads\/2020\/03\/mirador-por-la-esperanza-arevalo-0001-768x576.jpg 768w\" sizes=\"(max-width: 200px) 100vw, 200px\" \/><\/a><figcaption> <strong><em>Pincha aqu\u00ed para ver las fotograf\u00edas<\/em> de A<\/strong><span><em style=\"font-weight: bold;\">r\u00e9valo<\/em><\/span><\/figcaption><\/figure><\/div>\n\n\n\n<div class=\"wp-block-image\"><figure class=\"alignleft is-resized\"><a href=\"http:\/\/revistamirador.es\/?page_id=8857\"><img loading=\"lazy\" src=\"http:\/\/revistamirador.es\/wp-content\/uploads\/2020\/03\/mirador-por-la-esperanza-medina-0001.jpg\" alt=\"\" class=\"wp-image-8871\" width=\"200\" height=\"150\" srcset=\"http:\/\/revistamirador.es\/wp-content\/uploads\/2020\/03\/mirador-por-la-esperanza-medina-0001.jpg 800w, http:\/\/revistamirador.es\/wp-content\/uploads\/2020\/03\/mirador-por-la-esperanza-medina-0001-150x113.jpg 150w, http:\/\/revistamirador.es\/wp-content\/uploads\/2020\/03\/mirador-por-la-esperanza-medina-0001-300x225.jpg 300w, http:\/\/revistamirador.es\/wp-content\/uploads\/2020\/03\/mirador-por-la-esperanza-medina-0001-768x576.jpg 768w\" sizes=\"(max-width: 200px) 100vw, 200px\" \/><\/a><figcaption><strong><em>Pincha aqu\u00ed para ver las fotograf\u00edas de Medina<\/em><\/strong><\/figcaption><\/figure><\/div>\n\n\n\n<div class=\"wp-block-image\"><figure class=\"aligncenter is-resized\"><img loading=\"lazy\" src=\"http:\/\/revistamirador.es\/wp-content\/uploads\/2020\/03\/VIDEOS-ENVIADOS-1-986x1024.png\" alt=\"\" class=\"wp-image-8923\" width=\"250\" height=\"82\"\/><\/figure><\/div>\n\n\n\n<p>Aqu\u00ed ten\u00e9is unos v\u00eddeos de <strong>Arsenio, el Mago Medinense<\/strong>, donde nos ense\u00f1a unos trucos realizados dentro de su casa.<\/p>\n\n\n\n<figure class=\"wp-block-video aligncenter\"><video controls src=\"http:\/\/revistamirador.es\/wp-content\/uploads\/2020\/03\/Arsenio-cartas-1.mp4\"><\/video><\/figure>\n\n\n\n<figure class=\"wp-block-video aligncenter\"><video controls src=\"http:\/\/revistamirador.es\/wp-content\/uploads\/2020\/03\/Arsenio-cartas-2.mp4\"><\/video><\/figure>\n\n\n\n<figure class=\"wp-block-video aligncenter\"><video controls src=\"http:\/\/revistamirador.es\/wp-content\/uploads\/2020\/03\/Papel-Arsenio-hig.mp4\"><\/video><\/figure>\n\n\n\n<p><\/p>\n","protected":false},"excerpt":{"rendered":"<p> &#8230; <a title=\"Mirador por la esperanza\" class=\"read-more\" href=\"http:\/\/revistamirador.es\/?page_id=8859\" aria-label=\"M\u00e1s en Mirador por la esperanza\">Leer m\u00e1s<\/a><\/p>\n","protected":false},"author":1,"featured_media":0,"parent":0,"menu_order":0,"comment_status":"closed","ping_status":"closed","template":"","meta":{"_generate-full-width-content":"","ngg_post_thumbnail":0},"_links":{"self":[{"href":"http:\/\/revistamirador.es\/index.php?rest_route=\/wp\/v2\/pages\/8859"}],"collection":[{"href":"http:\/\/revistamirador.es\/index.php?rest_route=\/wp\/v2\/pages"}],"about":[{"href":"http:\/\/revistamirador.es\/index.php?rest_route=\/wp\/v2\/types\/page"}],"author":[{"embeddable":true,"href":"http:\/\/revistamirador.es\/index.php?rest_route=\/wp\/v2\/users\/1"}],"replies":[{"embeddable":true,"href":"http:\/\/revistamirador.es\/index.php?rest_route=%2Fwp%2Fv2%2Fcomments&post=8859"}],"version-history":[{"count":15,"href":"http:\/\/revistamirador.es\/index.php?rest_route=\/wp\/v2\/pages\/8859\/revisions"}],"predecessor-version":[{"id":9143,"href":"http:\/\/revistamirador.es\/index.php?rest_route=\/wp\/v2\/pages\/8859\/revisions\/9143"}],"wp:attachment":[{"href":"http:\/\/revistamirador.es\/index.php?rest_route=%2Fwp%2Fv2%2Fmedia&parent=8859"}],"curies":[{"name":"wp","href":"https:\/\/api.w.org\/{rel}","templated":true}]}}